{"id":258,"date":"2021-08-10T19:50:19","date_gmt":"2021-08-10T17:50:19","guid":{"rendered":"https:\/\/www.profifix.sk\/?page_id=258"},"modified":"2021-08-10T20:06:53","modified_gmt":"2021-08-10T18:06:53","slug":"ochrana-osobnych-udajov","status":"publish","type":"page","link":"https:\/\/www.profifix.sk\/index.php\/ochrana-osobnych-udajov\/","title":{"rendered":"Ochrana osobn\u00fdch \u00fadajov"},"content":{"rendered":"\t\t<div data-elementor-type=\"wp-page\" data-elementor-id=\"258\" class=\"elementor elementor-258\">\n\t\t\t\t\t\t<section class=\"elementor-section elementor-top-section elementor-element elementor-element-119db56 elementor-section-boxed elementor-section-height-default elementor-section-height-default\" data-id=\"119db56\" data-element_type=\"section\">\n\t\t\t\t\t\t<div class=\"elementor-container elementor-column-gap-default\">\n\t\t\t\t\t<div class=\"elementor-column elementor-col-100 elementor-top-column elementor-element elementor-element-0474e03\" data-id=\"0474e03\" data-element_type=\"column\">\n\t\t\t<div class=\"elementor-widget-wrap elementor-element-populated\">\n\t\t\t\t\t\t<div class=\"elementor-element elementor-element-7ca4c0d elementor-widget elementor-widget-text-editor\" data-id=\"7ca4c0d\" data-element_type=\"widget\" data-widget_type=\"text-editor.default\">\n\t\t\t\t<div class=\"elementor-widget-container\">\n\t\t\t<style>\/*! elementor - v3.19.0 - 26-02-2024 *\/\n.elementor-widget-text-editor.elementor-drop-cap-view-stacked .elementor-drop-cap{background-color:#69727d;color:#fff}.elementor-widget-text-editor.elementor-drop-cap-view-framed .elementor-drop-cap{color:#69727d;border:3px solid;background-color:transparent}.elementor-widget-text-editor:not(.elementor-drop-cap-view-default) .elementor-drop-cap{margin-top:8px}.elementor-widget-text-editor:not(.elementor-drop-cap-view-default) .elementor-drop-cap-letter{width:1em;height:1em}.elementor-widget-text-editor .elementor-drop-cap{float:left;text-align:center;line-height:1;font-size:50px}.elementor-widget-text-editor .elementor-drop-cap-letter{display:inline-block}<\/style>\t\t\t\t<p style=\"text-align: center;\">Z\u00e1sady spracovania osobn\u00fdch \u00fadajov<\/p>\t\t\t\t\t\t<\/div>\n\t\t\t\t<\/div>\n\t\t\t\t\t<\/div>\n\t\t<\/div>\n\t\t\t\t\t<\/div>\n\t\t<\/section>\n\t\t\t\t<section class=\"elementor-section elementor-top-section elementor-element elementor-element-0693779 elementor-section-boxed elementor-section-height-default elementor-section-height-default\" data-id=\"0693779\" data-element_type=\"section\">\n\t\t\t\t\t\t<div class=\"elementor-container elementor-column-gap-default\">\n\t\t\t\t\t<div class=\"elementor-column elementor-col-100 elementor-top-column elementor-element elementor-element-8a7b54f\" data-id=\"8a7b54f\" data-element_type=\"column\">\n\t\t\t<div class=\"elementor-widget-wrap elementor-element-populated\">\n\t\t\t\t\t\t<div class=\"elementor-element elementor-element-b7c25c7 elementor-widget elementor-widget-text-editor\" data-id=\"b7c25c7\" data-element_type=\"widget\" data-widget_type=\"text-editor.default\">\n\t\t\t\t<div class=\"elementor-widget-container\">\n\t\t\t\t\t\t\t<p>Pokia\u013e ste na\u0161\u00edm klientom,&nbsp; odberate\u013eom noviniek alebo ste n\u00e1v\u0161tevn\u00edkom n\u00e1\u0161ho webu, zverujete n\u00e1m svoje osobn\u00e9 \u00fadaje. Zozn\u00e1mte sa, pros\u00edm, s ochranou osobn\u00fdch \u00fadajov, z\u00e1sadami a pr\u00e1vami, ktor\u00e9 m\u00e1te v s\u00favislosti s GDPR (Nariadenie o ochrane osobn\u00fdch \u00fadajov v r\u00e1mci EU).<\/p>\n<h2>I. PREV\u00c1DZKOVATE\u013d OSOBN\u00ddCH \u00daDAJOV<\/h2>\n<p>Prev\u00e1dzkovate\u013e osobn\u00fdch \u00fadajov na webe&nbsp;<span style=\"font-family: Roboto, sans-serif; font-size: 14px; font-style: normal; font-variant-ligatures: normal; font-variant-caps: normal; font-weight: 400;\">www.profifix.sk<\/span>&nbsp;je&nbsp;<span style=\"font-family: Roboto, sans-serif; font-size: 14px; font-style: normal; font-variant-ligatures: normal; font-variant-caps: normal; font-weight: 400;\">Martin Porubsk\u00fd<\/span>, I\u010cO:&nbsp;<span style=\"font-family: Roboto, sans-serif; font-size: 14px; font-style: normal; font-variant-ligatures: normal; font-variant-caps: normal; font-weight: 400;\">53411153<\/span>, so s\u00eddlom Hradn\u00e1 346\/30, 033 01 Liptovsk\u00fd Hr\u00e1dok, Slovensk\u00e1 republika<\/p>\n<p>Va\u0161e osobn\u00e9 \u00fadaje spracov\u00e1vame ako prev\u00e1dzkovate\u013e, tzn. ur\u010dujeme, ako bud\u00fa osobn\u00e9 \u00fadaje sprac\u00favan\u00e9 a za ak\u00fdm \u00fa\u010delom, po ak\u00fa dlh\u00fa dobu a vyber\u00e1me pr\u00edpadn\u00fdch \u010fal\u0161\u00edch spracovate\u013eov, ktor\u00ed n\u00e1m so spracov\u00e1van\u00edm bud\u00fa pom\u00e1ha\u0165.<\/p>\n<h2>II. KONTAKTN\u00c9 \u00daDAJE<\/h2>\n<p>Pokia\u013e sa n\u00e1s budete chcie\u0165 v priebehu spracovania obr\u00e1ti\u0165, m\u00f4\u017eete n\u00e1s kontaktova\u0165 na e-mailovej adrese:&nbsp;<span style=\"font-family: Roboto, sans-serif; font-size: 14px; font-style: normal; font-variant-ligatures: normal; font-variant-caps: normal; font-weight: 400; color: var( --e-global-color-text );\">profifix.sk@gmail.com<\/span><\/p>\n<h2>III. PREHL\u00c1SENIE<\/h2>\n<p>Prehlasujeme, \u017ee ako prev\u00e1dzkovate\u013e Va\u0161ich osobn\u00fdch \u00fadajov sp\u013a\u0148ame v\u0161etky z\u00e1konn\u00e9 povinnosti vy\u017eadovan\u00e9 platnou legislat\u00edvou, predov\u0161etk\u00fdm Z\u00e1konom \u010d. 18\/2018 Z.z. o ochrane osobn\u00fdch \u00fadajov a o zmene a doplnen\u00ed niektor\u00fdch z\u00e1konov, a teda \u017ee:<\/p>\n<p>Budeme spracov\u00e1va\u0165 va\u0161e osobn\u00e9 \u00fadaje len na z\u00e1klade platn\u00e9ho pr\u00e1vneho d\u00f4vodu, a to predov\u0161etk\u00fdm opr\u00e1vnen\u00e9ho z\u00e1ujmu, plnenia zmluvy, z\u00e1konnej povinnosti \u010di udelen\u00e9ho s\u00fahlasu.<\/p>\n<p>Pln\u00edme pod\u013ea \u010dl\u00e1nku 13 GDPR informa\u010dn\u00fa povinnos\u0165 e\u0161te pred zah\u00e1jen\u00edm spracovania osobn\u00fdch \u00fadajov.<\/p>\n<p>Umo\u017en\u00edme v\u00e1m a budeme V\u00e1s podporova\u0165 v uplat\u0148ovan\u00ed a plnen\u00ed va\u0161ich pr\u00e1v pod\u013ea z\u00e1kona o ochrane osobn\u00fdch \u00fadajov a GDPR.<\/p>\n<h2>IV. ROZSAH OSOBN\u00ddCH \u00daDAJOV A \u00da\u010cELY SPRACOVANIA<\/h2>\n<p>Sprac\u00favame osobn\u00e9 \u00fadaje, ktor\u00e9 n\u00e1m zver\u00edte sami, a to z nasleduj\u00facich d\u00f4vodov (pre naplnenie t\u00fdchto \u00fa\u010delov):<\/p>\n<h3>Poskytovanie slu\u017eieb, plnenie zmluvy.<\/h3>\n<p>Va\u0161e osobn\u00e9 \u00fadaje v rozsahu: e-mail, meno, priezvisko, tel. \u010d\u00edslo, popr\u00edpade odkaz na \u00fa\u010dty va\u0161ich soci\u00e1lnych siet\u00ed, v pr\u00edpade n\u00e1kupu aj adresa bydliska, a v pr\u00edpade n\u00e1kupu ako podnikate\u013e alebo firma tie\u017e I\u010cO a DI\u010c, \u010d\u00edslo \u00fa\u010dtu, popr. telef\u00f3nne \u010d\u00edslo, ktor\u00e9 bezpodmiene\u010dne potrebujeme k prijatiu a realiz\u00e1cii objedn\u00e1vok.<\/p>\n<h3>Vedenie \u00fa\u010dtovn\u00edctva.<\/h3>\n<p>Pokia\u013e ste na\u0161\u00edm klientom, va\u0161e osobn\u00e9 \u00fadaje (faktura\u010dn\u00e9 \u00fadaje) nevyhnutne potrebujeme na to, aby sme vyhoveli z\u00e1konnej povinnosti pre vystavenie a evidenciu da\u0148ov\u00fdch dokladov, 5 rokov od posledn\u00e9ho akt\u00edvneho obchodu.&nbsp;<\/p>\n<h3>Marketing \u2013 zasielanie informa\u010dn\u00fdch e-mailov.<\/h3>\n<p>Va\u0161e osobn\u00e9 \u00fadaje (e-mail, popr\u00edpade meno), na \u010do klik\u00e1te v e-mailoch a kedy ich naj\u010dastej\u0161ie otv\u00e1rate, vyu\u017e\u00edvame za \u00fa\u010delom priameho marketingu \u2013 zasielanie obchodn\u00fdch pon\u00fak.<\/p>\n<p>Ak ste na\u0161\u00edm klientom, kon\u00e1me tak z opr\u00e1vnen\u00e9ho z\u00e1ujmu, preto\u017ee d\u00f4vodne predpoklad\u00e1me, \u017ee V\u00e1s na\u0161e novinky zauj\u00edmaj\u00fa, a to po dobu 5 rokov od poslednej objedn\u00e1vky.<\/p>\n<p>Pokia\u013e nie ste na\u0161\u00edm klientom, zasielame V\u00e1m informa\u010dn\u00e9 e-maily len na z\u00e1klade V\u00e1\u0161ho s\u00fahlasu, po dobu 5 rokov od jeho udelenia. S\u00fahlas n\u00e1m vyjadr\u00edte potvrden\u00edm va\u0161ej emailovej adresy pr\u00edpadne vyplnenia kontaktn\u00e9ho formul\u00e1ra. Toto potvrdenie je jasn\u00fdm vyjadren\u00edm V\u00e1\u0161ho s\u00fahlasu so spracovan\u00edm va\u0161ich osobn\u00fdch \u00fadajov v rozsahu e-mail, pr\u00edpadne meno.<\/p>\n<p>V oboch pr\u00edpadoch m\u00f4\u017eete tento s\u00fahlas kedyko\u013evek odvola\u0165 pou\u017eit\u00edm odhlasovacieho odkazu v ka\u017edom zaslanom e-maili.<\/p>\n<h3>Spracovanie a pou\u017eitie fotografickej dokument\u00e1cie, referencie.<\/h3>\n<p>Len na z\u00e1klade V\u00e1\u0161ho s\u00fahlasu m\u00f4\u017eeme vyu\u017ei\u0165 fotografie, vide\u00e1, referencie, sp\u00e4tn\u00e9 v\u00e4zby a pod. z ktor\u00e9 \u00fazko s\u00favisia s objednan\u00fdmi pr\u00e1cami na na\u0161ich str\u00e1nkach., a to dovtedy, ne\u017e v\u00e1\u0161 udelen\u00fd s\u00fahlas odvol\u00e1te. Ten m\u00f4\u017eete kedyko\u013evek odvola\u0165 prostredn\u00edctvom na\u0161ich kontaktn\u00fdch \u00fadajov.<\/p>\n<p>Va\u0161e osobn\u00e9 \u00fadaje si ponech\u00e1vame po dobu priebehu preml\u010dac\u00edch obdob\u00ed, pokia\u013e z\u00e1kon nestanov\u00ed dlh\u0161iu dobu ich uchov\u00e1vania alebo sme v konkr\u00e9tnych pr\u00edpadoch neuviedli inak.<\/p>\n<h2>V. COOKIES<\/h2>\n<p>Pri n\u00e1v\u0161teve a prech\u00e1dzan\u00ed na\u0161ich webov\u00fdch str\u00e1nok zaznamen\u00e1vame Va\u0161u IP adresu, ako dlho sa na str\u00e1nke zdr\u017e\u00edte a z ktorej str\u00e1nky prich\u00e1dzate. Pou\u017e\u00edvanie cookies pre meranie n\u00e1v\u0161tevnosti webu a prisp\u00f4sobenie zobrazenia webov\u00fdch str\u00e1nok vn\u00edmame ako svoj opr\u00e1vnen\u00fd z\u00e1ujem spr\u00e1vcu prostredn\u00edctvom s\u00faborov cookies sledova\u0165, ak\u00e9 str\u00e1nky na na\u0161om webe nav\u0161t\u00edvite a v\u010faka tomu v\u00e1m m\u00f4\u017eeme pon\u00faknu\u0165 e\u0161te lep\u0161ie slu\u017eby.<\/p>\n<p>Inform\u00e1cie zhroma\u017e\u010fovan\u00e9 pomocou cookies n\u00e1m neumo\u017e\u0148uj\u00fa identifikova\u0165 Va\u0161e meno, kontaktn\u00e9 \u00fadaje alebo in\u00e9 osobn\u00e9 identifika\u010dn\u00e9 \u00fadaje, pokia\u013e sa n\u00e1m ich nerozhodnete sami poskytn\u00fa\u0165.<\/p>\n<p>Cookies pre cielenie reklamy bud\u00fa spracov\u00e1van\u00e9 len na z\u00e1klade V\u00e1\u0161ho s\u00fahlasu.<\/p>\n<p>Na\u0161e webov\u00e9 str\u00e1nky je mo\u017en\u00e9 prech\u00e1dza\u0165 tie\u017e v re\u017eime, ktor\u00fd neumo\u017e\u0148uje zbieranie osobn\u00fdch \u00fadajov. Pou\u017e\u00edvanie cookies m\u00f4\u017eete na svojom po\u010d\u00edta\u010di zak\u00e1za\u0165.<\/p>\n<h2>VI. ZABEZPE\u010cENIE A OCHRANA OSOBN\u00ddCH \u00daDAJOV<\/h2>\n<p>Chr\u00e1nime Va\u0161e osobn\u00e9 \u00fadaje v maxim\u00e1lnej mo\u017enej miere pomocou modern\u00fdch technol\u00f3gi\u00ed, ktor\u00e9 zodpovedaj\u00fa stupni technick\u00e9ho rozvoja. Chr\u00e1nime ich, ako keby boli na\u0161e vlastn\u00e9. Prijali sme a udr\u017eujeme v\u0161etky mo\u017en\u00e9 (aktu\u00e1lne zn\u00e1me) technick\u00e9 a organiza\u010dn\u00e9 opatrenia, ktor\u00e9 zamedzuj\u00fa zneu\u017eitiu, po\u0161kodeniu alebo zni\u010deniu va\u0161ich osobn\u00fdch \u00fadajov, a teda:<\/p>\n<ul>\n<li>Zabezpe\u010den\u00fdm pr\u00edstupom do po\u010d\u00edta\u010dov (zabezpe\u010den\u00e9 heslom).<\/li>\n<li>Zabezpe\u010den\u00fdm pr\u00edstupom do telef\u00f3nov (zabezpe\u010den\u00e9 heslom).<\/li>\n<li>Zabezpe\u010den\u00fdm pr\u00edstupom do na\u0161ich e-mailov\u00fdch schr\u00e1nok (zabezpe\u010den\u00e9 u\u017e\u00edvate\u013esk\u00fdm menom a heslom).<\/li>\n<li>Zabezpe\u010den\u00fdm pr\u00edstupom do aplik\u00e1ci\u00ed na e-mailov\u00e9 rozosielanie (zabezpe\u010den\u00e9 menom a heslom).<\/li>\n<li>Zabezpe\u010den\u00fdm pr\u00edstupom do faktura\u010dn\u00fdch syst\u00e9mov (zabezpe\u010den\u00e9 menom a heslom).<\/li>\n<li>\u0160ifrovanou komunik\u00e1ciou na na\u0161om webe (platn\u00fd certifik\u00e1t https).<\/li>\n<li>Pravidelnou aktualiz\u00e1ciou softv\u00e9ru.<\/li>\n<li>Zabezpe\u010den\u00fdm pr\u00edstupom do \u010dlensk\u00fdch sekci\u00ed webu (zabezpe\u010den\u00e9 u\u017e\u00edvate\u013esk\u00fdm menom a heslom).<\/li>\n<\/ul>\n<p>Osobn\u00e9 \u00fadaje bud\u00fa sprac\u00favan\u00e9 v elektronickej podobe automatizovan\u00fdm sp\u00f4sobom alebo v tla\u010denej podobe neautomatizovan\u00fdm sp\u00f4sobom.<\/p>\n<h2>VII. POSKYTNUTIE OSOBN\u00ddCH \u00daDAJOV TRET\u00cdM OSOB\u00c1M<\/h2>\n<p>Pre zaistenie konkr\u00e9tnych spracovate\u013esk\u00fdch oper\u00e1ci\u00ed, ktor\u00e9 nedok\u00e1\u017eeme zaisti\u0165 vlastn\u00fdmi silami, vyu\u017e\u00edvame slu\u017eby a aplik\u00e1cie spracovate\u013eov, ktor\u00ed vedia d\u00e1ta ochr\u00e1ni\u0165 e\u0161te lep\u0161ie ako my a na dan\u00e9 spracovanie sa \u0161pecializuj\u00fa a s\u00fa v s\u00falade s GDPR.<\/p>\n<p>Sprostredkovatelia (pr\u00edjemcovia) osobn\u00fdch \u00fadajov s\u00fa alebo m\u00f4\u017eu by\u0165:<\/p><ul>\n<li>Hosting pre webov\u00fa str\u00e1nku \u2013 WEDOS Internet, a.s.<\/li>\n<li>Prev\u00e1dzkovate\u013e webovej str\u00e1nky<\/li>\n<li>Google Analytics (\u0161tatistiky n\u00e1v\u0161tevnosti webu), Google Inc., 1600 Amphitheatre Parkway, Mountain View, CA 94043, USA<\/li><li>Mailchimp (e-mail marketing)<\/li>\n<li>Sumo (e-mail marketing)<\/li>\n<li>Extern\u00e1 \u00fa\u010dtovn\u00e1 firma<\/li>\n<li>ComGate (platobn\u00e1 br\u00e1na)<\/li>\n<\/ul>\n<p>\u010ealej to m\u00f4\u017eu by\u0165: poskytovatelia pr\u00e1vnych slu\u017eieb, poskytovatelia tla\u010dov\u00fdch a po\u0161tov\u00fdch slu\u017eieb, partneri spolupracuj\u00faci s nami v \u0161peci\u00e1lnych akci\u00e1ch pre klientov.<\/p>\n<p>Osobn\u00e9 \u00fadaje, ktor\u00e9 spracov\u00e1vame ako spr\u00e1vca aj ako spracovate\u013e, m\u00f4\u017eeme spr\u00edstup\u0148ova\u0165 v\u00fdhradne spolupracovn\u00edkom a spracovate\u013eom, ktor\u00ed vykon\u00e1vaj\u00fa administrat\u00edvnu a technick\u00fa podporu pri fungovan\u00ed aplik\u00e1ci\u00ed potrebn\u00fdch k fungovaniu webu a podporn\u00fdch aplik\u00e1ci\u00ed alebo sa podie\u013eaj\u00fa na chode n\u00e1\u0161ho podnikania (\u00fa\u010dtovn\u00edk).<\/p>\n<p>In\u00fdm subjektom, je umo\u017enen\u00fd pr\u00edstup len z d\u00f4vodu plnenia z\u00e1konn\u00fdch povinnost\u00ed.<\/p>\n<p>Ubezpe\u010dujeme V\u00e1s, \u017ee na\u0161i spolupracovn\u00edci, ktor\u00ed bud\u00fa spracov\u00e1va\u0165 Va\u0161e osobn\u00e9 \u00fadaje, s\u00fa povinn\u00ed zachov\u00e1va\u0165 ml\u010danlivos\u0165 o osobn\u00fdch \u00fadajoch a o bezpe\u010dnostn\u00fdch opatreniach, ktor\u00fdch zverejnenie by ohrozilo zabezpe\u010denie Va\u0161ich osobn\u00fdch \u00fadajov.<\/p>\n<p>T\u00e1to ml\u010danlivos\u0165 pritom trv\u00e1 aj po skon\u010den\u00ed z\u00e1v\u00e4zkov\u00fdch vz\u0165ahov s na\u0161ou spolo\u010dnos\u0165ou. Bez V\u00e1\u0161ho s\u00fahlasu nebud\u00fa Va\u0161e osobn\u00e9 \u00fadaje vydan\u00e9 \u017eiadnej inej tretej strane.<\/p>\n<p>Je mo\u017en\u00e9, \u017ee sa v bud\u00facnosti rozhodneme vyu\u017ei\u0165 \u010fal\u0161ie aplik\u00e1cie \u010di spracovate\u013eov pre zjednodu\u0161enie a skvalitnenie spracovania. V takom pr\u00edpade budeme pri v\u00fdbere na spracovate\u013ea kl\u00e1s\u0165 minim\u00e1lne rovnak\u00e9 n\u00e1roky na zabezpe\u010denie a kvalitu sprac\u00favania, ako na seba a aktu\u00e1lnych spolupracovn\u00edkov.<\/p>\n<p>Va\u0161e \u00fadaje nebudeme poskytova\u0165 do tret\u00edch zem\u00ed. D\u00e1ta spracov\u00e1vame v\u00fdhradne v E\u00da alebo v krajin\u00e1ch, ktor\u00e9 zais\u0165uj\u00fa rovnak\u00fa \u00farove\u0148 ochrany na z\u00e1klade rozhodnutia Eur\u00f3pskej komisie.<\/p>\n<h2>VIII. VA\u0160E PR\u00c1VA V S\u00daVISLOSTI S OCHRANOU OSOBN\u00ddCH \u00daDAJOV<\/h2>\n<p>V s\u00favislosti s ochranou osobn\u00fdch \u00fadajov m\u00e1te viacer\u00e9 pr\u00e1va. Pokia\u013e budete chcie\u0165 niektor\u00e9 z t\u00fdchto pr\u00e1v vyu\u017ei\u0165, pros\u00edm, kontaktujte n\u00e1s prostredn\u00edctvom e-mailu:&nbsp;<span style=\"font-family: Roboto, sans-serif; font-size: 14px; font-style: normal; font-variant-ligatures: normal; font-variant-caps: normal; font-weight: 400;\">profifix.sk@gmail.com<\/span>.<\/p>\n<p>M\u00e1te pr\u00e1vo na inform\u00e1cie, ktor\u00e9 je plnen\u00e9 u\u017e touto informa\u010dnou str\u00e1nkou so z\u00e1sadami spracovania osobn\u00fdch \u00fadajov.<\/p>\n<p>V\u010faka pr\u00e1vu na pr\u00edstup n\u00e1s m\u00f4\u017eete kedyko\u013evek vyzva\u0165 a predlo\u017e\u00edme v\u00e1m v lehote do 30 dn\u00ed, ak\u00e9 Va\u0161e osobn\u00e9 \u00fadaje spracov\u00e1vame a pre\u010do.<\/p>\n<p>Pokia\u013e sa u V\u00e1s nie\u010do zmen\u00ed alebo budete pova\u017eova\u0165 svoje osobn\u00e9 \u00fadaje za neaktu\u00e1lne alebo ne\u00fapln\u00e9, m\u00e1te pr\u00e1vo na doplnenie alebo zmenu osobn\u00fdch \u00fadajov.<\/p>\n<p>Pr\u00e1vo na obmedzenie spracovania m\u00f4\u017eete vyu\u017ei\u0165, pokia\u013e sa domnievate, \u017ee spracov\u00e1vame va\u0161e nepresn\u00e9 \u00fadaje, domnievate sa, \u017ee spracov\u00e1vame \u00fadaje nez\u00e1konne, alebo nechcete v\u0161etky \u00fadaje zmaza\u0165, alebo pokia\u013e ste vzniesli n\u00e1mietku proti spracovaniu.<\/p>\n<p>Obmedzi\u0165 m\u00f4\u017eete rozsah osobn\u00fdch \u00fadajov, alebo \u00fa\u010delov sprac\u00favania. (Napr. odhl\u00e1sen\u00edm z odoberania e-mailov obmedzujete \u00fa\u010del spracovania pre zasielanie obchodn\u00fdch pon\u00fak.)<\/p>\n<p>Pr\u00e1vo na prenesite\u013enos\u0165: Pokia\u013e by ste chceli svoje osobn\u00e9 \u00fadaje vzia\u0165 a prenies\u0165 k niekomu in\u00e9mu, budeme postupova\u0165 rovnako ako pri vyu\u017eit\u00ed pr\u00e1va na pr\u00edstup \u2013 len s t\u00fdm rozdielom, \u017ee V\u00e1m inform\u00e1cie dod\u00e1me v strojovo \u010ditate\u013enej podobe. Na tento \u00fakon potrebujeme aspo\u0148 30 dn\u00ed.<\/p>\n<p>Pr\u00e1vo na v\u00fdmaz (by\u0165 zabudnut\u00fd): Va\u0161\u00edm \u010fal\u0161\u00edm pr\u00e1vom je pr\u00e1vo na v\u00fdmaz. Nechceme na V\u00e1s zabudn\u00fa\u0165, ale pokia\u013e si to budete pria\u0165, m\u00e1te na to pr\u00e1vo. V takom pr\u00edpade vyma\u017eeme v\u0161etky Va\u0161e osobn\u00e9 \u00fadaje z n\u00e1\u0161ho syst\u00e9mu, ako aj zo syst\u00e9mu v\u0161etk\u00fdch jednotliv\u00fdch spracovate\u013eov a z\u00e1loh. Na zaistenie pr\u00e1va na v\u00fdmaz potrebujeme aspo\u0148 30 dn\u00ed.<\/p>\n<p>V niektor\u00fdch pr\u00edpadoch sme viazan\u00ed z\u00e1konnou povinnos\u0165ou a napr\u00edklad sme povinn\u00ed evidova\u0165 vystaven\u00e9 da\u0148ov\u00e9 doklady po dobu stanoven\u00fa z\u00e1konom. V tomto pr\u00edpade teda zma\u017eeme v\u0161etky tak\u00e9 \u00fadaje, ktor\u00e9 nie s\u00fa viazan\u00e9 in\u00fdm z\u00e1konom. O dokon\u010den\u00ed v\u00fdmazu V\u00e1s budeme informova\u0165 e-mailom.<\/p>\n<h3>S\u0165a\u017enos\u0165 na \u00darade na ochranu osobn\u00fdch \u00fadajov.<\/h3>\n<p>Pokia\u013e m\u00e1te pocit, \u017ee s Va\u0161imi \u00fadajmi pracujeme v rozpore so z\u00e1konom, m\u00e1te pr\u00e1vo sa so svojou s\u0165a\u017enos\u0165ou kedyko\u013evek obr\u00e1ti\u0165 na \u00darad na ochranu osobn\u00fdch \u00fadajov. Budeme ve\u013emi radi, pokia\u013e najprv budete o tomto podozren\u00ed informova\u0165 n\u00e1s, aby sme s t\u00fdm mohli nie\u010do urobi\u0165 a pr\u00edpadn\u00e9 pochybenie napravi\u0165.<\/p>\n<p>Odhl\u00e1senie zo zasielania newsletterov a obchodn\u00fdch pon\u00fak, e-maily s in\u0161pir\u00e1ciou, \u010dl\u00e1nky \u010di produkty a slu\u017eby V\u00e1m zasielame, ak ste n\u00e1\u0161 klient na z\u00e1klade n\u00e1\u0161ho opr\u00e1vnen\u00e9ho z\u00e1ujmu.<\/p>\n<p>Pokia\u013e klientom e\u0161te nie ste, posielame V\u00e1m ich len na z\u00e1klade V\u00e1\u0161ho s\u00fahlasu. V obidvoch pr\u00edpadoch m\u00f4\u017eete ukon\u010di\u0165 odber na\u0161ich e-mailov stla\u010den\u00edm odhlasovacieho odkazu v ka\u017edom zaslanom e-maile.<\/p>\n<h2>IX. ML\u010cANLIVOS\u0164<\/h2>\n<p>Dovo\u013eujeme si V\u00e1s uisti\u0165, \u017ee na\u0161i zamestnanci a spolupracovn\u00edci, ktor\u00ed bud\u00fa spracov\u00e1va\u0165 va\u0161e osobn\u00e9 \u00fadaje, s\u00fa zmluvne povinn\u00ed zachov\u00e1va\u0165 ml\u010danlivos\u0165 o osobn\u00fdch \u00fadajoch a bezpe\u010dnostn\u00fdch opatreniach, ktor\u00fdch zverejnenie by ohrozilo zabezpe\u010denie Va\u0161ich osobn\u00fdch \u00fadajov. T\u00e1to ml\u010danlivos\u0165 pritom trv\u00e1 i po skon\u010den\u00ed z\u00e1v\u00e4zkov\u00fdch vz\u0165ahov s nami. Bez V\u00e1\u0161ho s\u00fahlasu nebud\u00fa Va\u0161e osobn\u00e9 \u00fadaje vydan\u00e9 \u017eiadnej inej tretej strane.<\/p>\n<p>Tieto z\u00e1sady sprac\u00favania osobn\u00fdch \u00fadajov platia od 1.1.2019<\/p>\n<p>V Liptovskom Hr\u00e1dku d\u0148a 1.j\u00fala 2021<\/p>\n<p>Martin Porubsk\u00fd<\/p>\t\t\t\t\t\t<\/div>\n\t\t\t\t<\/div>\n\t\t\t\t\t<\/div>\n\t\t<\/div>\n\t\t\t\t\t<\/div>\n\t\t<\/section>\n\t\t\t\t<\/div>\n\t\t","protected":false},"excerpt":{"rendered":"<p>Z\u00e1sady spracovania osobn\u00fdch \u00fadajov Pokia\u013e ste na\u0161\u00edm klientom,&nbsp; odberate\u013eom noviniek alebo ste n\u00e1v\u0161tevn\u00edkom n\u00e1\u0161ho webu, zverujete n\u00e1m svoje osobn\u00e9 \u00fadaje. Zozn\u00e1mte sa, pros\u00edm, s ochranou osobn\u00fdch \u00fadajov, z\u00e1sadami a pr\u00e1vami, ktor\u00e9 m\u00e1te v s\u00favislosti s GDPR (Nariadenie o ochrane osobn\u00fdch \u00fadajov v r\u00e1mci EU). I. PREV\u00c1DZKOVATE\u013d OSOBN\u00ddCH \u00daDAJOV Prev\u00e1dzkovate\u013e osobn\u00fdch \u00fadajov na webe&nbsp;www.profifix.sk&nbsp;je&nbsp;Martin Porubsk\u00fd, I\u010cO:&nbsp;53411153, [&hellip;]<\/p>\n","protected":false},"author":1,"featured_media":0,"parent":0,"menu_order":0,"comment_status":"closed","ping_status":"closed","template":"elementor_header_footer","meta":{"footnotes":""},"class_list":["post-258","page","type-page","status-publish","hentry","entry"],"_links":{"self":[{"href":"https:\/\/www.profifix.sk\/index.php\/wp-json\/wp\/v2\/pages\/258","targetHints":{"allow":["GET"]}}],"collection":[{"href":"https:\/\/www.profifix.sk\/index.php\/wp-json\/wp\/v2\/pages"}],"about":[{"href":"https:\/\/www.profifix.sk\/index.php\/wp-json\/wp\/v2\/types\/page"}],"author":[{"embeddable":true,"href":"https:\/\/www.profifix.sk\/index.php\/wp-json\/wp\/v2\/users\/1"}],"replies":[{"embeddable":true,"href":"https:\/\/www.profifix.sk\/index.php\/wp-json\/wp\/v2\/comments?post=258"}],"version-history":[{"count":4,"href":"https:\/\/www.profifix.sk\/index.php\/wp-json\/wp\/v2\/pages\/258\/revisions"}],"predecessor-version":[{"id":263,"href":"https:\/\/www.profifix.sk\/index.php\/wp-json\/wp\/v2\/pages\/258\/revisions\/263"}],"wp:attachment":[{"href":"https:\/\/www.profifix.sk\/index.php\/wp-json\/wp\/v2\/media?parent=258"}],"curies":[{"name":"wp","href":"https:\/\/api.w.org\/{rel}","templated":true}]}}